{"id":2982,"date":"2025-03-17T22:34:32","date_gmt":"2025-03-17T21:34:32","guid":{"rendered":"https:\/\/ferlamripoll.com\/inmuebles\/casa-en-venda-a-sant-joan-de-les-abadesses-c-mercader-pere-plana-per-reformar\/"},"modified":"2026-01-07T10:25:43","modified_gmt":"2026-01-07T09:25:43","slug":"casa-en-venda-a-sant-joan-de-les-abadesses-c-mercader-pere-plana-per-reformar","status":"publish","type":"inmuebles","link":"https:\/\/ferlamripoll.com\/ca\/immobles\/casa-en-venda-a-sant-joan-de-les-abadesses-c-mercader-pere-plana-per-reformar\/","title":{"rendered":"CASA EN VENDA A SANT JOAN DE LES ABADESSES &#8211; C\/ MERCADER PERE PLANA. PER REFORMAR."},"content":{"rendered":"\r\n<h3 data-start=\"60\" data-end=\"140\">\ud83c\udfe1 Gran casa amb encant per reformar al centre de Sant Joan de les Abadesses<\/h3>\r\n<p data-start=\"142\" data-end=\"360\">Oportunitat \u00fanica en ple nucli urb\u00e0 de <strong data-start=\"181\" data-end=\"211\">Sant Joan de les Abadesses<\/strong>. Es ven \u00e0mplia casa amb gran potencial, ideal per a qui busca un projecte de reforma a mida en una ubicaci\u00f3 c\u00e8ntrica i amb tots els serveis a tocar.<\/p>\r\n<p data-start=\"362\" data-end=\"666\">L\u2019habitatge consta de <strong data-start=\"384\" data-end=\"417\">planta baixa m\u00e9s tres plantes i terrassa<\/strong>, oferint una superf\u00edcie total constru\u00efda de <strong data-start=\"462\" data-end=\"472\">396 m\u00b2<\/strong>, amb <strong data-start=\"478\" data-end=\"498\">99 m\u00b2 per planta<\/strong>, fet que permet m\u00faltiples possibilitats de redistribuci\u00f3: habitatge unifamiliar espai\u00f3s, diverses vivendes, \u00fas mixt o fins i tot projecte tur\u00edstic, segons necessitats.<\/p>\r\n<p data-start=\"668\" data-end=\"690\">Actualment disposa de:<\/p>\r\n<ul data-start=\"691\" data-end=\"749\">\r\n<li data-start=\"691\" data-end=\"707\">\r\n<p data-start=\"693\" data-end=\"707\">Sala d\u2019estar<\/p>\r\n<\/li>\r\n<li data-start=\"708\" data-end=\"717\">\r\n<p data-start=\"710\" data-end=\"717\">Cuina<\/p>\r\n<\/li>\r\n<li data-start=\"718\" data-end=\"736\">\r\n<p data-start=\"720\" data-end=\"736\">1 bany complet<\/p>\r\n<\/li>\r\n<li data-start=\"737\" data-end=\"749\">\r\n<p data-start=\"739\" data-end=\"749\">1 lavabo<\/p>\r\n<\/li>\r\n<\/ul>\r\n<p data-start=\"751\" data-end=\"906\">L\u2019immoble <strong data-start=\"761\" data-end=\"795\">necessita una reforma integral<\/strong>, per\u00f2 la seva estructura, dimensions i ubicaci\u00f3 el converteixen en una excel\u00b7lent inversi\u00f3 amb gran projecci\u00f3.<\/p>\r\n<p data-start=\"908\" data-end=\"1065\">\u2714 Comptador d\u2019electricitat instal\u00b7lat<br data-start=\"945\" data-end=\"948\" \/>\u2714 Certificat energ\u00e8tic vigent (fins al 22\/10\/2028)<br data-start=\"998\" data-end=\"1001\" \/>\u2714 Ubicaci\u00f3 c\u00e8ntrica, amb comer\u00e7os, serveis i transport propers<\/p>\r\n<p data-start=\"1067\" data-end=\"1181\">Una casa amb hist\u00f2ria, metres i molt\u00edssimes possibilitats per crear la llar o el projecte que sempre has imaginat.<\/p>\r\n<p data-start=\"1183\" data-end=\"1280\" data-is-last-node=\"\" data-is-only-node=\"\">\ud83d\udcde <strong data-start=\"1186\" data-end=\"1280\" data-is-last-node=\"\">Demana informaci\u00f3 sense comprom\u00eds i descobreix tot el que pot oferir-te aquesta propietat.<\/strong><\/p>\r\n","protected":false},"author":3,"menu_order":0,"template":"","meta":[],"zonas":[52],"poblaciones":[58],"tipos-de-inmuebles":[64],"gestion":[51],"class_list":["post-2982","inmuebles","type-inmuebles","status-publish","hentry","zonas-centro-ca","poblaciones-sant-joan-de-les-abadesses-ca","tipos-de-inmuebles-cases-ca","gestion-venda"],"yoast_head":"<!-- This site is optimized with the Yoast SEO plugin v27.4 - https:\/\/yoast.com\/product\/yoast-seo-wordpress\/ -->\n<title>CASA EN VENDA A SANT JOAN DE LES ABADESSES - C\/ MERCADER PERE PLANA. PER REFORMAR. -<\/title>\n<meta name=\"robots\" content=\"index, follow, max-snippet:-1, max-image-preview:large, max-video-preview:-1\" \/>\n<link rel=\"canonical\" href=\"https:\/\/ferlamripoll.com\/ca\/immobles\/casa-en-venda-a-sant-joan-de-les-abadesses-c-mercader-pere-plana-per-reformar\/\" \/>\n<meta property=\"og:locale\" content=\"ca_ES\" \/>\n<meta property=\"og:type\" content=\"article\" \/>\n<meta property=\"og:title\" content=\"CASA EN VENDA A SANT JOAN DE LES ABADESSES - C\/ MERCADER PERE PLANA. PER REFORMAR. -\" \/>\n<meta property=\"og:description\" content=\"\ud83c\udfe1 Gran casa amb encant per reformar al centre de Sant Joan de les Abadesses Oportunitat \u00fanica en ple nucli urb\u00e0 de Sant Joan de les Abadesses. Es ven \u00e0mplia casa amb gran potencial, ideal per a qui busca un projecte de reforma a mida en una ubicaci\u00f3 c\u00e8ntrica i amb tots els serveis a [&hellip;]\" \/>\n<meta property=\"og:url\" content=\"https:\/\/ferlamripoll.com\/ca\/immobles\/casa-en-venda-a-sant-joan-de-les-abadesses-c-mercader-pere-plana-per-reformar\/\" \/>\n<meta property=\"og:site_name\" content=\"Ferlam - Servicios inmobiliarios\" \/>\n<meta property=\"article:publisher\" content=\"https:\/\/www.facebook.com\/people\/Ferlam\/100048870507316\/\" \/>\n<meta property=\"article:modified_time\" content=\"2026-01-07T09:25:43+00:00\" \/>\n<meta name=\"twitter:card\" content=\"summary_large_image\" \/>\n<meta name=\"twitter:label1\" content=\"Temps estimat de lectura\" \/>\n\t<meta name=\"twitter:data1\" content=\"4 minuts\" \/>\n<script type=\"application\/ld+json\" class=\"yoast-schema-graph\">{\"@context\":\"https:\\\/\\\/schema.org\",\"@graph\":[{\"@type\":\"WebPage\",\"@id\":\"https:\\\/\\\/ferlamripoll.com\\\/ca\\\/immobles\\\/casa-en-venda-a-sant-joan-de-les-abadesses-c-mercader-pere-plana-per-reformar\\\/\",\"url\":\"https:\\\/\\\/ferlamripoll.com\\\/ca\\\/immobles\\\/casa-en-venda-a-sant-joan-de-les-abadesses-c-mercader-pere-plana-per-reformar\\\/\",\"name\":\"CASA EN VENDA A SANT JOAN DE LES ABADESSES - C\\\/ MERCADER PERE PLANA. PER REFORMAR. -\",\"isPartOf\":{\"@id\":\"https:\\\/\\\/ferlamripoll.com\\\/ca\\\/#website\"},\"datePublished\":\"2025-03-17T21:34:32+00:00\",\"dateModified\":\"2026-01-07T09:25:43+00:00\",\"breadcrumb\":{\"@id\":\"https:\\\/\\\/ferlamripoll.com\\\/ca\\\/immobles\\\/casa-en-venda-a-sant-joan-de-les-abadesses-c-mercader-pere-plana-per-reformar\\\/#breadcrumb\"},\"inLanguage\":\"ca\",\"potentialAction\":[{\"@type\":\"ReadAction\",\"target\":[\"https:\\\/\\\/ferlamripoll.com\\\/ca\\\/immobles\\\/casa-en-venda-a-sant-joan-de-les-abadesses-c-mercader-pere-plana-per-reformar\\\/\"]}]},{\"@type\":\"BreadcrumbList\",\"@id\":\"https:\\\/\\\/ferlamripoll.com\\\/ca\\\/immobles\\\/casa-en-venda-a-sant-joan-de-les-abadesses-c-mercader-pere-plana-per-reformar\\\/#breadcrumb\",\"itemListElement\":[{\"@type\":\"ListItem\",\"position\":1,\"name\":\"Portada\",\"item\":\"https:\\\/\\\/ferlamripoll.com\\\/ca\\\/inici\\\/\"},{\"@type\":\"ListItem\",\"position\":2,\"name\":\"Inmuebles\",\"item\":\"https:\\\/\\\/ferlamripoll.com\\\/ca\\\/immobles\\\/\"},{\"@type\":\"ListItem\",\"position\":3,\"name\":\"CASA EN VENDA A SANT JOAN DE LES ABADESSES &#8211; C\\\/ MERCADER PERE PLANA. PER REFORMAR.\"}]},{\"@type\":\"WebSite\",\"@id\":\"https:\\\/\\\/ferlamripoll.com\\\/ca\\\/#website\",\"url\":\"https:\\\/\\\/ferlamripoll.com\\\/ca\\\/\",\"name\":\"Ferlam - Servicios inmobiliarios\",\"description\":\"\",\"publisher\":{\"@id\":\"https:\\\/\\\/ferlamripoll.com\\\/ca\\\/#organization\"},\"potentialAction\":[{\"@type\":\"SearchAction\",\"target\":{\"@type\":\"EntryPoint\",\"urlTemplate\":\"https:\\\/\\\/ferlamripoll.com\\\/ca\\\/?s={search_term_string}\"},\"query-input\":{\"@type\":\"PropertyValueSpecification\",\"valueRequired\":true,\"valueName\":\"search_term_string\"}}],\"inLanguage\":\"ca\"},{\"@type\":\"Organization\",\"@id\":\"https:\\\/\\\/ferlamripoll.com\\\/ca\\\/#organization\",\"name\":\"Ferlam - Servicios inmobiliarios\",\"url\":\"https:\\\/\\\/ferlamripoll.com\\\/ca\\\/\",\"logo\":{\"@type\":\"ImageObject\",\"inLanguage\":\"ca\",\"@id\":\"https:\\\/\\\/ferlamripoll.com\\\/ca\\\/#\\\/schema\\\/logo\\\/image\\\/\",\"url\":\"https:\\\/\\\/ferlamripoll.com\\\/wp-content\\\/uploads\\\/2024\\\/09\\\/logo-ferlam-1.webp\",\"contentUrl\":\"https:\\\/\\\/ferlamripoll.com\\\/wp-content\\\/uploads\\\/2024\\\/09\\\/logo-ferlam-1.webp\",\"width\":350,\"height\":96,\"caption\":\"Ferlam - Servicios inmobiliarios\"},\"image\":{\"@id\":\"https:\\\/\\\/ferlamripoll.com\\\/ca\\\/#\\\/schema\\\/logo\\\/image\\\/\"},\"sameAs\":[\"https:\\\/\\\/www.facebook.com\\\/people\\\/Ferlam\\\/100048870507316\\\/\",\"https:\\\/\\\/www.instagram.com\\\/ferlam.immobiliaria\\\/\"]}]}<\/script>\n<!-- \/ Yoast SEO plugin. -->","yoast_head_json":{"title":"CASA EN VENDA A SANT JOAN DE LES ABADESSES - C\/ MERCADER PERE PLANA. PER REFORMAR. -","robots":{"index":"index","follow":"follow","max-snippet":"max-snippet:-1","max-image-preview":"max-image-preview:large","max-video-preview":"max-video-preview:-1"},"canonical":"https:\/\/ferlamripoll.com\/ca\/immobles\/casa-en-venda-a-sant-joan-de-les-abadesses-c-mercader-pere-plana-per-reformar\/","og_locale":"ca_ES","og_type":"article","og_title":"CASA EN VENDA A SANT JOAN DE LES ABADESSES - C\/ MERCADER PERE PLANA. PER REFORMAR. -","og_description":"\ud83c\udfe1 Gran casa amb encant per reformar al centre de Sant Joan de les Abadesses Oportunitat \u00fanica en ple nucli urb\u00e0 de Sant Joan de les Abadesses. Es ven \u00e0mplia casa amb gran potencial, ideal per a qui busca un projecte de reforma a mida en una ubicaci\u00f3 c\u00e8ntrica i amb tots els serveis a [&hellip;]","og_url":"https:\/\/ferlamripoll.com\/ca\/immobles\/casa-en-venda-a-sant-joan-de-les-abadesses-c-mercader-pere-plana-per-reformar\/","og_site_name":"Ferlam - Servicios inmobiliarios","article_publisher":"https:\/\/www.facebook.com\/people\/Ferlam\/100048870507316\/","article_modified_time":"2026-01-07T09:25:43+00:00","twitter_card":"summary_large_image","twitter_misc":{"Temps estimat de lectura":"4 minuts"},"schema":{"@context":"https:\/\/schema.org","@graph":[{"@type":"WebPage","@id":"https:\/\/ferlamripoll.com\/ca\/immobles\/casa-en-venda-a-sant-joan-de-les-abadesses-c-mercader-pere-plana-per-reformar\/","url":"https:\/\/ferlamripoll.com\/ca\/immobles\/casa-en-venda-a-sant-joan-de-les-abadesses-c-mercader-pere-plana-per-reformar\/","name":"CASA EN VENDA A SANT JOAN DE LES ABADESSES - C\/ MERCADER PERE PLANA. PER REFORMAR. -","isPartOf":{"@id":"https:\/\/ferlamripoll.com\/ca\/#website"},"datePublished":"2025-03-17T21:34:32+00:00","dateModified":"2026-01-07T09:25:43+00:00","breadcrumb":{"@id":"https:\/\/ferlamripoll.com\/ca\/immobles\/casa-en-venda-a-sant-joan-de-les-abadesses-c-mercader-pere-plana-per-reformar\/#breadcrumb"},"inLanguage":"ca","potentialAction":[{"@type":"ReadAction","target":["https:\/\/ferlamripoll.com\/ca\/immobles\/casa-en-venda-a-sant-joan-de-les-abadesses-c-mercader-pere-plana-per-reformar\/"]}]},{"@type":"BreadcrumbList","@id":"https:\/\/ferlamripoll.com\/ca\/immobles\/casa-en-venda-a-sant-joan-de-les-abadesses-c-mercader-pere-plana-per-reformar\/#breadcrumb","itemListElement":[{"@type":"ListItem","position":1,"name":"Portada","item":"https:\/\/ferlamripoll.com\/ca\/inici\/"},{"@type":"ListItem","position":2,"name":"Inmuebles","item":"https:\/\/ferlamripoll.com\/ca\/immobles\/"},{"@type":"ListItem","position":3,"name":"CASA EN VENDA A SANT JOAN DE LES ABADESSES &#8211; C\/ MERCADER PERE PLANA. PER REFORMAR."}]},{"@type":"WebSite","@id":"https:\/\/ferlamripoll.com\/ca\/#website","url":"https:\/\/ferlamripoll.com\/ca\/","name":"Ferlam - Servicios inmobiliarios","description":"","publisher":{"@id":"https:\/\/ferlamripoll.com\/ca\/#organization"},"potentialAction":[{"@type":"SearchAction","target":{"@type":"EntryPoint","urlTemplate":"https:\/\/ferlamripoll.com\/ca\/?s={search_term_string}"},"query-input":{"@type":"PropertyValueSpecification","valueRequired":true,"valueName":"search_term_string"}}],"inLanguage":"ca"},{"@type":"Organization","@id":"https:\/\/ferlamripoll.com\/ca\/#organization","name":"Ferlam - Servicios inmobiliarios","url":"https:\/\/ferlamripoll.com\/ca\/","logo":{"@type":"ImageObject","inLanguage":"ca","@id":"https:\/\/ferlamripoll.com\/ca\/#\/schema\/logo\/image\/","url":"https:\/\/ferlamripoll.com\/wp-content\/uploads\/2024\/09\/logo-ferlam-1.webp","contentUrl":"https:\/\/ferlamripoll.com\/wp-content\/uploads\/2024\/09\/logo-ferlam-1.webp","width":350,"height":96,"caption":"Ferlam - Servicios inmobiliarios"},"image":{"@id":"https:\/\/ferlamripoll.com\/ca\/#\/schema\/logo\/image\/"},"sameAs":["https:\/\/www.facebook.com\/people\/Ferlam\/100048870507316\/","https:\/\/www.instagram.com\/ferlam.immobiliaria\/"]}]}},"_links":{"self":[{"href":"https:\/\/ferlamripoll.com\/ca\/wp-json\/wp\/v2\/inmuebles\/2982","targetHints":{"allow":["GET"]}}],"collection":[{"href":"https:\/\/ferlamripoll.com\/ca\/wp-json\/wp\/v2\/inmuebles"}],"about":[{"href":"https:\/\/ferlamripoll.com\/ca\/wp-json\/wp\/v2\/types\/inmuebles"}],"author":[{"embeddable":true,"href":"https:\/\/ferlamripoll.com\/ca\/wp-json\/wp\/v2\/users\/3"}],"wp:attachment":[{"href":"https:\/\/ferlamripoll.com\/ca\/wp-json\/wp\/v2\/media?parent=2982"}],"wp:term":[{"taxonomy":"zonas","embeddable":true,"href":"https:\/\/ferlamripoll.com\/ca\/wp-json\/wp\/v2\/zonas?post=2982"},{"taxonomy":"poblaciones","embeddable":true,"href":"https:\/\/ferlamripoll.com\/ca\/wp-json\/wp\/v2\/poblaciones?post=2982"},{"taxonomy":"tipos-de-inmuebles","embeddable":true,"href":"https:\/\/ferlamripoll.com\/ca\/wp-json\/wp\/v2\/tipos-de-inmuebles?post=2982"},{"taxonomy":"gestion","embeddable":true,"href":"https:\/\/ferlamripoll.com\/ca\/wp-json\/wp\/v2\/gestion?post=2982"}],"curies":[{"name":"wp","href":"https:\/\/api.w.org\/{rel}","templated":true}]}}